{"id":3564,"date":"2026-09-01T06:00:00","date_gmt":"2026-09-01T12:00:00","guid":{"rendered":"https:\/\/be-just.org\/?post_type=actividades&#038;p=3564"},"modified":"2026-08-31T10:10:02","modified_gmt":"2026-08-31T16:10:02","slug":"programa-de-pasantias-be-just-cohorte-2026-2027","status":"publish","type":"actividades","link":"https:\/\/be-just.org\/en\/activities\/programa-de-pasantias-be-just-cohorte-2026-2027\/","title":{"rendered":"Programa de Pasant\u00edas Be Just \u2014 Cohorte 2026-2027"},"content":{"rendered":"\n<h2 class=\"wp-block-heading has-text-color has-link-color wp-elements-1\" style=\"color:#003883\">\u00bfQu\u00e9 es?<\/h2>\n\n\n\n<p class=\"wp-block-paragraph\">La Cohorte del Programa de Pasant\u00edas de Be Just 2026-2027 es un espacio formativo y de incidencia c\u00edvica dirigido a seis personas j\u00f3venes comprometidas con la justicia, la transparencia institucional y el fortalecimiento democr\u00e1tico en Guatemala. A lo largo de un a\u00f1o, las y los integrantes combinar\u00e1n formaci\u00f3n pr\u00e1ctica, acompa\u00f1amiento directo al trabajo de la organizaci\u00f3n y producci\u00f3n de comunicaci\u00f3n estrat\u00e9gica, fortaleciendo as\u00ed una nueva generaci\u00f3n de liderazgos.<\/p>\n\n\n\n<p class=\"wp-block-paragraph\"><strong>Duraci\u00f3n: <\/strong>1 a\u00f1o, de octubre 2026 a octubre 2027.<\/p>\n\n\n\n<p class=\"wp-block-paragraph\">El programa se organiza en tres l\u00edneas de trabajo distribuidas a lo largo del a\u00f1o: <strong>formaci\u00f3n, gesti\u00f3n de proyectos y comunicaci\u00f3n estrat\u00e9gica.<\/strong><\/p>\n\n\n\n<h2 class=\"wp-block-heading has-text-color has-link-color wp-elements-2\" style=\"color:#003883\">\u00bfQu\u00e9 obtienen las personas participantes?<\/h2>\n\n\n\n<ul class=\"wp-block-list\">\n<li>Desarrollo de habilidades de pensamiento cr\u00edtico y an\u00e1lisis de coyuntura.<\/li>\n\n\n\n<li>Experiencia pr\u00e1ctica en gesti\u00f3n de proyectos mediante el acompa\u00f1amiento directo a las actividades de Be Just.<\/li>\n\n\n\n<li>Fortalecimiento de capacidades de comunicaci\u00f3n estrat\u00e9gica.<\/li>\n\n\n\n<li>Pertenencia a una red de personas comprometidos con la construcci\u00f3n de una sociedad m\u00e1s justa para Guatemala y la regi\u00f3n.<\/li>\n<\/ul>\n\n\n\n<h2 class=\"wp-block-heading has-text-color has-link-color wp-elements-3\" style=\"color:#003883\">Perfil que buscamos<\/h2>\n\n\n\n<ul class=\"wp-block-list\">\n<li><strong>Edad:<\/strong>18 a 30 a\u00f1os.<\/li>\n\n\n\n<li><strong>Formaci\u00f3n:<\/strong> Formaci\u00f3n o inter\u00e9s en derecho, ciencias pol\u00edticas, comunicaci\u00f3n o \u00e1reas afines.<\/li>\n\n\n\n<li><strong>Motivaci\u00f3n:<\/strong> Motivaci\u00f3n demostrable hacia el fortalecimiento del Estado de derecho en Guatemala y la regi\u00f3n.<\/li>\n\n\n\n<li><strong>Compromiso:<\/strong> Asistir a las actividades y eventos planificados, especialmente los eventos bajo su responsabilidad y aquellos dirigidos a su formaci\u00f3n.<\/li>\n\n\n\n<li><strong>Ubicaci\u00f3n:<\/strong> Residir en el departamento de Guatemala.<\/li>\n<\/ul>\n\n\n\n<h2 class=\"wp-block-heading has-text-color has-link-color wp-elements-4\" style=\"color:#003883\">Fechas importantes<\/h2>\n\n\n\n<ul class=\"wp-block-list\">\n<li><strong>Recepci\u00f3n de solicitudes: <\/strong>del 1 al 16 de septiembre de 2026<\/li>\n\n\n\n<li><strong>Notificaci\u00f3n a las personas seleccionadas:<\/strong> 2 de octubre de 2026<\/li>\n\n\n\n<li><strong>Inicio del programa:<\/strong> octubre 2026<\/li>\n<\/ul>\n\n\n\n<h2 class=\"wp-block-heading has-text-color has-link-color wp-elements-5\" style=\"color:#003883\">\u00bfC\u00f3mo aplicar?<\/h2>\n\n\n\n<p class=\"wp-block-paragraph\">Completa el formulario de inscripci\u00f3n en el siguiente enlace:<\/p>\n\n\n\n<p class=\"has-text-color has-link-color wp-elements-6 wp-block-paragraph\" style=\"color:#6f42c1\"><a href=\"https:\/\/docs.google.com\/forms\/d\/e\/1FAIpQLScp-Xv9LhMgFlLNV44xBAQ7JAOyqmYHs-Lr6rUfhaKJkpPNRg\/viewform?usp=header\" data-type=\"link\" data-id=\"https:\/\/docs.google.com\/forms\/d\/e\/1FAIpQLScp-Xv9LhMgFlLNV44xBAQ7JAOyqmYHs-Lr6rUfhaKJkpPNRg\/viewform?usp=header\">\ud83d\udc49 <strong>Aplica aqu\u00ed<\/strong><\/a><\/p>\n\n\n\n<p class=\"wp-block-paragraph\"><em>\u00bfConoces a alguien con vocaci\u00f3n y deseos de contribuir a la construcci\u00f3n de una Guatemala m\u00e1s justa? Comparte esta convocatoria.<\/em><\/p>\n","protected":false},"excerpt":{"rendered":"<p>Abrimos convocatoria para el Programa de Pasant\u00edas Be Just \u2014 Cohorte 2026-2027, un espacio formativo y de incidencia c\u00edvica dirigido a seis personas j\u00f3venes comprometidas con la justicia, la transparencia institucional y el fortalecimiento democr\u00e1tico en Guatemala. \u00a1Aplica desde el 1 hasta el 16 de septiembre!<\/p>\n","protected":false},"featured_media":3565,"template":"","class_list":["post-3564","actividades","type-actividades","status-publish","has-post-thumbnail","hentry"],"yoast_head":"<!-- This site is optimized with the Yoast SEO plugin v28.4 - https:\/\/yoast.com\/product\/yoast-seo-wordpress\/ -->\n<title>Programa de Pasant\u00edas Be Just \u2014 Cohorte 2026-2027 - Be Just<\/title>\n<meta name=\"robots\" content=\"index, follow, max-snippet:-1, max-image-preview:large, max-video-preview:-1\" \/>\n<link rel=\"canonical\" href=\"https:\/\/be-just.org\/en\/activities\/programa-de-pasantias-be-just-cohorte-2026-2027\/\" \/>\n<meta property=\"og:locale\" content=\"en_US\" \/>\n<meta property=\"og:type\" content=\"article\" \/>\n<meta property=\"og:title\" content=\"Programa de Pasant\u00edas Be Just \u2014 Cohorte 2026-2027 - Be Just\" \/>\n<meta property=\"og:description\" content=\"Abrimos convocatoria para el Programa de Pasant\u00edas Be Just \u2014 Cohorte 2026-2027, un espacio formativo y de incidencia c\u00edvica dirigido a seis personas j\u00f3venes comprometidas con la justicia, la transparencia institucional y el fortalecimiento democr\u00e1tico en Guatemala. \u00a1Aplica desde el 1 hasta el 16 de septiembre!\" \/>\n<meta property=\"og:url\" content=\"https:\/\/be-just.org\/en\/activities\/programa-de-pasantias-be-just-cohorte-2026-2027\/\" \/>\n<meta property=\"og:site_name\" content=\"Be Just\" \/>\n<meta property=\"article:publisher\" content=\"https:\/\/www.facebook.com\/BeJust.org\" \/>\n<meta property=\"og:image\" content=\"https:\/\/be-just.org\/wp-content\/uploads\/2026\/08\/Cards-RRSS-3-.jpg\" \/>\n\t<meta property=\"og:image:width\" content=\"1080\" \/>\n\t<meta property=\"og:image:height\" content=\"1350\" \/>\n\t<meta property=\"og:image:type\" content=\"image\/jpeg\" \/>\n<meta name=\"twitter:card\" content=\"summary_large_image\" \/>\n<meta name=\"twitter:site\" content=\"@BeJust_org\" \/>\n<meta name=\"twitter:label1\" content=\"Est. reading time\" \/>\n\t<meta name=\"twitter:data1\" content=\"2 minutes\" \/>\n<script type=\"application\/ld+json\" class=\"yoast-schema-graph\">{\"@context\":\"https:\\\/\\\/schema.org\",\"@graph\":[{\"@type\":\"WebPage\",\"@id\":\"https:\\\/\\\/be-just.org\\\/en\\\/activities\\\/programa-de-pasantias-be-just-cohorte-2026-2027\\\/\",\"url\":\"https:\\\/\\\/be-just.org\\\/en\\\/activities\\\/programa-de-pasantias-be-just-cohorte-2026-2027\\\/\",\"name\":\"Programa de Pasant\u00edas Be Just \u2014 Cohorte 2026-2027 - Be Just\",\"isPartOf\":{\"@id\":\"https:\\\/\\\/be-just.org\\\/en\\\/#website\"},\"primaryImageOfPage\":{\"@id\":\"https:\\\/\\\/be-just.org\\\/en\\\/activities\\\/programa-de-pasantias-be-just-cohorte-2026-2027\\\/#primaryimage\"},\"image\":{\"@id\":\"https:\\\/\\\/be-just.org\\\/en\\\/activities\\\/programa-de-pasantias-be-just-cohorte-2026-2027\\\/#primaryimage\"},\"thumbnailUrl\":\"https:\\\/\\\/be-just.org\\\/wp-content\\\/uploads\\\/2026\\\/08\\\/Cards-RRSS-3-.jpg\",\"datePublished\":\"2026-09-01T12:00:00+00:00\",\"breadcrumb\":{\"@id\":\"https:\\\/\\\/be-just.org\\\/en\\\/activities\\\/programa-de-pasantias-be-just-cohorte-2026-2027\\\/#breadcrumb\"},\"inLanguage\":\"en-US\",\"potentialAction\":[{\"@type\":\"ReadAction\",\"target\":[\"https:\\\/\\\/be-just.org\\\/en\\\/activities\\\/programa-de-pasantias-be-just-cohorte-2026-2027\\\/\"]}]},{\"@type\":\"ImageObject\",\"inLanguage\":\"en-US\",\"@id\":\"https:\\\/\\\/be-just.org\\\/en\\\/activities\\\/programa-de-pasantias-be-just-cohorte-2026-2027\\\/#primaryimage\",\"url\":\"https:\\\/\\\/be-just.org\\\/wp-content\\\/uploads\\\/2026\\\/08\\\/Cards-RRSS-3-.jpg\",\"contentUrl\":\"https:\\\/\\\/be-just.org\\\/wp-content\\\/uploads\\\/2026\\\/08\\\/Cards-RRSS-3-.jpg\",\"width\":1080,\"height\":1350},{\"@type\":\"BreadcrumbList\",\"@id\":\"https:\\\/\\\/be-just.org\\\/en\\\/activities\\\/programa-de-pasantias-be-just-cohorte-2026-2027\\\/#breadcrumb\",\"itemListElement\":[{\"@type\":\"ListItem\",\"position\":1,\"name\":\"Home\",\"item\":\"https:\\\/\\\/be-just.org\\\/en\\\/home\\\/\"},{\"@type\":\"ListItem\",\"position\":2,\"name\":\"Activities\",\"item\":\"https:\\\/\\\/be-just.org\\\/en\\\/activities\\\/\"},{\"@type\":\"ListItem\",\"position\":3,\"name\":\"Programa de Pasant\u00edas Be Just \u2014 Cohorte 2026-2027\"}]},{\"@type\":\"WebSite\",\"@id\":\"https:\\\/\\\/be-just.org\\\/en\\\/#website\",\"url\":\"https:\\\/\\\/be-just.org\\\/en\\\/\",\"name\":\"Be Just\",\"description\":\"Promoting the Rule of Law in Central America\",\"publisher\":{\"@id\":\"https:\\\/\\\/be-just.org\\\/en\\\/#organization\"},\"potentialAction\":[{\"@type\":\"SearchAction\",\"target\":{\"@type\":\"EntryPoint\",\"urlTemplate\":\"https:\\\/\\\/be-just.org\\\/en\\\/?s={search_term_string}\"},\"query-input\":{\"@type\":\"PropertyValueSpecification\",\"valueRequired\":true,\"valueName\":\"search_term_string\"}}],\"inLanguage\":\"en-US\"},{\"@type\":\"Organization\",\"@id\":\"https:\\\/\\\/be-just.org\\\/en\\\/#organization\",\"name\":\"Be Just\",\"url\":\"https:\\\/\\\/be-just.org\\\/en\\\/\",\"logo\":{\"@type\":\"ImageObject\",\"inLanguage\":\"en-US\",\"@id\":\"https:\\\/\\\/be-just.org\\\/en\\\/#\\\/schema\\\/logo\\\/image\\\/\",\"url\":\"https:\\\/\\\/be-just.org\\\/wp-content\\\/uploads\\\/2025\\\/04\\\/Be-Just-Logo-2-Blue.svg\",\"contentUrl\":\"https:\\\/\\\/be-just.org\\\/wp-content\\\/uploads\\\/2025\\\/04\\\/Be-Just-Logo-2-Blue.svg\",\"width\":334,\"height\":86,\"caption\":\"Be Just\"},\"image\":{\"@id\":\"https:\\\/\\\/be-just.org\\\/en\\\/#\\\/schema\\\/logo\\\/image\\\/\"},\"sameAs\":[\"https:\\\/\\\/www.facebook.com\\\/BeJust.org\",\"https:\\\/\\\/x.com\\\/BeJust_org\",\"https:\\\/\\\/www.linkedin.com\\\/company\\\/be-just-anticorruption\\\/\",\"https:\\\/\\\/www.instagram.com\\\/believe.in.justice\\\/\"]}]}<\/script>\n<!-- \/ Yoast SEO plugin. -->","yoast_head_json":{"title":"Programa de Pasant\u00edas Be Just \u2014 Cohorte 2026-2027 - Be Just","robots":{"index":"index","follow":"follow","max-snippet":"max-snippet:-1","max-image-preview":"max-image-preview:large","max-video-preview":"max-video-preview:-1"},"canonical":"https:\/\/be-just.org\/en\/activities\/programa-de-pasantias-be-just-cohorte-2026-2027\/","og_locale":"en_US","og_type":"article","og_title":"Programa de Pasant\u00edas Be Just \u2014 Cohorte 2026-2027 - Be Just","og_description":"Abrimos convocatoria para el Programa de Pasant\u00edas Be Just \u2014 Cohorte 2026-2027, un espacio formativo y de incidencia c\u00edvica dirigido a seis personas j\u00f3venes comprometidas con la justicia, la transparencia institucional y el fortalecimiento democr\u00e1tico en Guatemala. \u00a1Aplica desde el 1 hasta el 16 de septiembre!","og_url":"https:\/\/be-just.org\/en\/activities\/programa-de-pasantias-be-just-cohorte-2026-2027\/","og_site_name":"Be Just","article_publisher":"https:\/\/www.facebook.com\/BeJust.org","og_image":[{"width":1080,"height":1350,"url":"https:\/\/be-just.org\/wp-content\/uploads\/2026\/08\/Cards-RRSS-3-.jpg","type":"image\/jpeg"}],"twitter_card":"summary_large_image","twitter_site":"@BeJust_org","twitter_misc":{"Est. reading time":"2 minutes"},"schema":{"@context":"https:\/\/schema.org","@graph":[{"@type":"WebPage","@id":"https:\/\/be-just.org\/en\/activities\/programa-de-pasantias-be-just-cohorte-2026-2027\/","url":"https:\/\/be-just.org\/en\/activities\/programa-de-pasantias-be-just-cohorte-2026-2027\/","name":"Programa de Pasant\u00edas Be Just \u2014 Cohorte 2026-2027 - Be Just","isPartOf":{"@id":"https:\/\/be-just.org\/en\/#website"},"primaryImageOfPage":{"@id":"https:\/\/be-just.org\/en\/activities\/programa-de-pasantias-be-just-cohorte-2026-2027\/#primaryimage"},"image":{"@id":"https:\/\/be-just.org\/en\/activities\/programa-de-pasantias-be-just-cohorte-2026-2027\/#primaryimage"},"thumbnailUrl":"https:\/\/be-just.org\/wp-content\/uploads\/2026\/08\/Cards-RRSS-3-.jpg","datePublished":"2026-09-01T12:00:00+00:00","breadcrumb":{"@id":"https:\/\/be-just.org\/en\/activities\/programa-de-pasantias-be-just-cohorte-2026-2027\/#breadcrumb"},"inLanguage":"en-US","potentialAction":[{"@type":"ReadAction","target":["https:\/\/be-just.org\/en\/activities\/programa-de-pasantias-be-just-cohorte-2026-2027\/"]}]},{"@type":"ImageObject","inLanguage":"en-US","@id":"https:\/\/be-just.org\/en\/activities\/programa-de-pasantias-be-just-cohorte-2026-2027\/#primaryimage","url":"https:\/\/be-just.org\/wp-content\/uploads\/2026\/08\/Cards-RRSS-3-.jpg","contentUrl":"https:\/\/be-just.org\/wp-content\/uploads\/2026\/08\/Cards-RRSS-3-.jpg","width":1080,"height":1350},{"@type":"BreadcrumbList","@id":"https:\/\/be-just.org\/en\/activities\/programa-de-pasantias-be-just-cohorte-2026-2027\/#breadcrumb","itemListElement":[{"@type":"ListItem","position":1,"name":"Home","item":"https:\/\/be-just.org\/en\/home\/"},{"@type":"ListItem","position":2,"name":"Activities","item":"https:\/\/be-just.org\/en\/activities\/"},{"@type":"ListItem","position":3,"name":"Programa de Pasant\u00edas Be Just \u2014 Cohorte 2026-2027"}]},{"@type":"WebSite","@id":"https:\/\/be-just.org\/en\/#website","url":"https:\/\/be-just.org\/en\/","name":"Be Just","description":"Promoting the Rule of Law in Central America","publisher":{"@id":"https:\/\/be-just.org\/en\/#organization"},"potentialAction":[{"@type":"SearchAction","target":{"@type":"EntryPoint","urlTemplate":"https:\/\/be-just.org\/en\/?s={search_term_string}"},"query-input":{"@type":"PropertyValueSpecification","valueRequired":true,"valueName":"search_term_string"}}],"inLanguage":"en-US"},{"@type":"Organization","@id":"https:\/\/be-just.org\/en\/#organization","name":"Be Just","url":"https:\/\/be-just.org\/en\/","logo":{"@type":"ImageObject","inLanguage":"en-US","@id":"https:\/\/be-just.org\/en\/#\/schema\/logo\/image\/","url":"https:\/\/be-just.org\/wp-content\/uploads\/2025\/04\/Be-Just-Logo-2-Blue.svg","contentUrl":"https:\/\/be-just.org\/wp-content\/uploads\/2025\/04\/Be-Just-Logo-2-Blue.svg","width":334,"height":86,"caption":"Be Just"},"image":{"@id":"https:\/\/be-just.org\/en\/#\/schema\/logo\/image\/"},"sameAs":["https:\/\/www.facebook.com\/BeJust.org","https:\/\/x.com\/BeJust_org","https:\/\/www.linkedin.com\/company\/be-just-anticorruption\/","https:\/\/www.instagram.com\/believe.in.justice\/"]}]}},"_links":{"self":[{"href":"https:\/\/be-just.org\/en\/wp-json\/wp\/v2\/actividades\/3564","targetHints":{"allow":["GET"]}}],"collection":[{"href":"https:\/\/be-just.org\/en\/wp-json\/wp\/v2\/actividades"}],"about":[{"href":"https:\/\/be-just.org\/en\/wp-json\/wp\/v2\/types\/actividades"}],"wp:featuredmedia":[{"embeddable":true,"href":"https:\/\/be-just.org\/en\/wp-json\/wp\/v2\/media\/3565"}],"wp:attachment":[{"href":"https:\/\/be-just.org\/en\/wp-json\/wp\/v2\/media?parent=3564"}],"curies":[{"name":"wp","href":"https:\/\/api.w.org\/{rel}","templated":true}]}}